{"id":317,"date":"2025-12-10T18:24:03","date_gmt":"2025-12-10T17:24:03","guid":{"rendered":"https:\/\/www.atelier-ersilie.fr\/WP\/?page_id=317"},"modified":"2025-12-10T18:29:56","modified_gmt":"2025-12-10T17:29:56","slug":"a-propos-de-2","status":"publish","type":"page","link":"https:\/\/www.atelier-ersilie.fr\/WP\/a-propos-de-2\/","title":{"rendered":"SCOP Paysage et Urbanisme"},"content":{"rendered":"\n<ul class=\"wp-block-list\">\n<li>Depuis 2018, l&rsquo;Atelier Ersilie a fait le choix de la <strong>SCOP<\/strong>.<\/li>\n\n\n\n<li>La Scop, <strong>Soci\u00e9t\u00e9 coop\u00e9rative et participative<\/strong>, est une entreprise o\u00f9 les salari\u00e9s y sont associ\u00e9s : ils d\u00e9tiennent la majorit\u00e9 du capital et des votes. Gr\u00e2ce au principe \u00ab une personne = une voix \u00bb, chaque salari\u00e9 associ\u00e9 compte autant, et ce quel que soit son poste, son anciennet\u00e9 ou son investissement.<\/li>\n\n\n\n<li>L&rsquo;Atelier Ersilie fait partie de l&rsquo;ESS et du r\u00e9seaux des Scop et Scic de l&rsquo;Ouest.<\/li>\n\n\n\n<li>L\u2019\u00e9conomie sociale et solidaire (ESS) c\u2019est une autre fa\u00e7on de faire de l\u2019\u00e9conomie en cr\u00e9ant des entreprises utiles \u00e0 la soci\u00e9t\u00e9 et respectueuses des personnes et des territoires. L\u2019humain passe avant le profit, et les d\u00e9cisions se prennent de fa\u00e7on collective et d\u00e9mocratique.<\/li>\n\n\n\n<li>Le r\u00e9seau des Scop et des Scic est l\u2019organisation structur\u00e9e qui accompagne concr\u00e8tement les soci\u00e9t\u00e9s coop\u00e9ratives. Sa mission : accompagner la cr\u00e9ation, la reprise, la transformation et le d\u00e9veloppement des Scop et des Scic.<\/li>\n<\/ul>\n\n\n<div class=\"wp-block-image\">\n<figure class=\"aligncenter size-full is-resized\"><img loading=\"lazy\" decoding=\"async\" width=\"814\" height=\"1180\" src=\"https:\/\/www.atelier-ersilie.fr\/WP\/wp-content\/uploads\/2025\/12\/Capture-decran-2025-12-10-a-16.35.12-1.png\" alt=\"\" class=\"wp-image-322\" style=\"aspect-ratio:0.6898761835396942;width:104px;height:auto\" srcset=\"https:\/\/www.atelier-ersilie.fr\/WP\/wp-content\/uploads\/2025\/12\/Capture-decran-2025-12-10-a-16.35.12-1.png 814w, https:\/\/www.atelier-ersilie.fr\/WP\/wp-content\/uploads\/2025\/12\/Capture-decran-2025-12-10-a-16.35.12-1-207x300.png 207w, https:\/\/www.atelier-ersilie.fr\/WP\/wp-content\/uploads\/2025\/12\/Capture-decran-2025-12-10-a-16.35.12-1-768x1113.png 768w\" sizes=\"auto, (max-width: 814px) 100vw, 814px\" \/><\/figure>\n<\/div>\n\n\n<p class=\"has-text-align-center\"><strong>Entreprise coop\u00e9rative, entreprise engag\u00e9e<\/strong><\/p>\n\n\n\n<ul class=\"wp-block-list\">\n<li>Les soci\u00e9t\u00e9s coop\u00e9ratives reposent sur des valeurs fortes qui guident leur fonctionnement, leurs d\u00e9cisions et leur impact. Voici les valeurs fondamentales des soci\u00e9t\u00e9s coop\u00e9ratives :<br><strong>\u2022 La pr\u00e9\u00e9minence humaine : l\u2019humain est toujours au c\u0153ur des d\u00e9cisions<br>\u2022 La d\u00e9mocratie : une personne = une voix<br>\u2022 La solidarit\u00e9 : avancer au service du collectif<br>\u2022 L\u2019\u00e9quit\u00e9 : les richesses cr\u00e9\u00e9es sont partag\u00e9es \u00e9quitablement entre ceux qui font vivre l\u2019entreprise<\/strong><\/li>\n<\/ul>\n\n\n\n<ul class=\"wp-block-list\">\n<li><strong>La pr\u00e9\u00e9minence humaine :<\/strong> Dans les soci\u00e9t\u00e9s coop\u00e9ratives, l\u2019humain est plac\u00e9 au centre de toutes les d\u00e9cisions et actions. Le projet coop\u00e9ratif repose avant tout sur la reconnaissance de la personne, sa capacit\u00e9 \u00e0 contribuer et \u00e0 d\u00e9cider.<br>Chaque membre est consid\u00e9r\u00e9 comme un acteur essentiel, dont les besoins, les comp\u00e9tences et les aspirations guident le d\u00e9veloppement de l\u2019entreprise.<\/li>\n\n\n\n<li><strong>La d\u00e9mocratie : <\/strong>Les coop\u00e9ratives sont des organisations d\u00e9mocratiques dirig\u00e9es par leurs membres qui participent activement \u00e0 l\u2019\u00e9tablissement des politiques et \u00e0 la prise de d\u00e9cisions. Dans les soci\u00e9t\u00e9s coop\u00e9ratives, les membres ont des droits de vote \u00e9gaux en vertu de la r\u00e8gle : un membre, une voix.<\/li>\n\n\n\n<li><strong>La solidarit\u00e9 :<\/strong> Les soci\u00e9t\u00e9s coop\u00e9ratives reposent sur un esprit d\u2019entraide, de coop\u00e9ration et de bien commun. Elles favorisent la coh\u00e9sion entre les membres et s\u2019engagent dans des dynamiques collectives, au service de l\u2019int\u00e9r\u00eat g\u00e9n\u00e9ral ou de leurs territoires. La solidarit\u00e9 s\u2019exprime dans la r\u00e9partition des r\u00e9sultats, dans le partage des savoirs, et dans la volont\u00e9 de construire un mod\u00e8le \u00e9conomique plus juste et inclusif.<\/li>\n\n\n\n<li><strong>L\u2019\u00e9quit\u00e9 ou partage des richesses : <\/strong>Les membres contribuent de mani\u00e8re \u00e9quitable au capital de leurs soci\u00e9t\u00e9s coop\u00e9ratives et en ont le contr\u00f4le. Les richesses cr\u00e9\u00e9es sont partag\u00e9es entre les personnes qui font vivre l\u2019entreprise.<\/li>\n<\/ul>\n\n\n\n<p><br>Notre atelier tire son nom d\u2019une ville imaginaire extraite du livre d\u2019Italo CALVINO, Les villes invisibles, dans laquelle les rapports de la vie de la cit\u00e9 sont mat\u00e9rialis\u00e9s par des fils, blancs, noirs ou gris, en fonction du lien tiss\u00e9 (lien de parent\u00e9, d\u2019\u00e9change, d\u2019autorit\u00e9\u2026).<\/p>\n\n\n\n<p><\/p>\n","protected":false},"excerpt":{"rendered":"<p>Entreprise coop\u00e9rative, entreprise engag\u00e9e Notre atelier tire son nom d\u2019une ville imaginaire extraite du livre d\u2019Italo CALVINO, Les villes invisibles, dans laquelle les rapports de la vie de la cit\u00e9 sont mat\u00e9rialis\u00e9s par des fils, blancs, noirs ou gris, en fonction du lien tiss\u00e9 (lien de parent\u00e9, d\u2019\u00e9change, d\u2019autorit\u00e9\u2026).<\/p>\n","protected":false},"author":1,"featured_media":0,"parent":0,"menu_order":0,"comment_status":"closed","ping_status":"closed","template":"","meta":{"footnotes":""},"class_list":["post-317","page","type-page","status-publish","hentry"],"_links":{"self":[{"href":"https:\/\/www.atelier-ersilie.fr\/WP\/wp-json\/wp\/v2\/pages\/317","targetHints":{"allow":["GET"]}}],"collection":[{"href":"https:\/\/www.atelier-ersilie.fr\/WP\/wp-json\/wp\/v2\/pages"}],"about":[{"href":"https:\/\/www.atelier-ersilie.fr\/WP\/wp-json\/wp\/v2\/types\/page"}],"author":[{"embeddable":true,"href":"https:\/\/www.atelier-ersilie.fr\/WP\/wp-json\/wp\/v2\/users\/1"}],"replies":[{"embeddable":true,"href":"https:\/\/www.atelier-ersilie.fr\/WP\/wp-json\/wp\/v2\/comments?post=317"}],"version-history":[{"count":5,"href":"https:\/\/www.atelier-ersilie.fr\/WP\/wp-json\/wp\/v2\/pages\/317\/revisions"}],"predecessor-version":[{"id":325,"href":"https:\/\/www.atelier-ersilie.fr\/WP\/wp-json\/wp\/v2\/pages\/317\/revisions\/325"}],"wp:attachment":[{"href":"https:\/\/www.atelier-ersilie.fr\/WP\/wp-json\/wp\/v2\/media?parent=317"}],"curies":[{"name":"wp","href":"https:\/\/api.w.org\/{rel}","templated":true}]}}